{"id":16,"date":"2011-06-25T10:41:20","date_gmt":"2011-06-25T08:41:20","guid":{"rendered":"http:\/\/www.mg-fribourg.ch\/?page_id=16"},"modified":"2026-02-11T12:43:57","modified_gmt":"2026-02-11T11:43:57","slug":"vorstand-comite","status":"publish","type":"page","link":"https:\/\/www.mg-fribourg.ch\/?page_id=16","title":{"rendered":"Vorstand \/ Comit\u00e9"},"content":{"rendered":"\n<figure class=\"wp-block-table\"><table class=\"has-fixed-layout\"><tbody><tr><td><figure><img loading=\"lazy\" decoding=\"async\" class=\"size-full wp-image-125 alignleft\" src=\"https:\/\/www.mg-fribourg.ch\/wp-content\/uploads\/2011_tw_Vorstand-Comite_Thomas.png\" alt=\"\" width=\"100\" height=\"133\"\/><\/figure><\/td><td>\n<h4>Pr\u00e4sident &#8211; Pr\u00e9sident<\/h4>\n<div>Thomas Werren<\/div>\n<div>+41 79 751 59 00<br \/>\ntomrose (at) bluewin.ch<\/div>\n<\/td><\/tr><\/tbody><\/table><\/figure>\n\n\n\n<figure class=\"wp-block-table\"><table class=\"has-fixed-layout\"><tbody><tr><td>\n<figure><img loading=\"lazy\" decoding=\"async\" class=\"wp-image-5742 alignleft\" src=\"https:\/\/www.mg-fribourg.ch\/wp-content\/uploads\/StrasslerFelix.jpg\" alt=\"\" width=\"143\" height=\"107\"\/><\/figure><div><\/div>\n<\/td><td>\n<h4>Vizepr\u00e4sident \/ Vice-Pr\u00e9sident<\/h4>\n<div>Felix Str\u00e4ssler<\/div>\n<div>hkbvtjfvp (at) mozmail.com<\/div>\n<div><\/div>\n<div><\/div>\n<\/td><\/tr><\/tbody><\/table><\/figure>\n\n\n\n<figure class=\"wp-block-table\"><table class=\"has-fixed-layout\"><tbody><tr><td><figure><img loading=\"lazy\" decoding=\"async\" class=\"alignleft wp-image-6324\" src=\"https:\/\/www.mg-fribourg.ch\/wp-content\/uploads\/Christian-Hunkeler-169x300.jpeg\" alt=\"\" width=\"93\" height=\"165\" srcset=\"https:\/\/www.mg-fribourg.ch\/wp-content\/uploads\/Christian-Hunkeler-169x300.jpeg 169w, https:\/\/www.mg-fribourg.ch\/wp-content\/uploads\/Christian-Hunkeler-607x1080.jpeg 607w, https:\/\/www.mg-fribourg.ch\/wp-content\/uploads\/Christian-Hunkeler.jpeg 750w\" sizes=\"auto, (max-width: 93px) 100vw, 93px\" \/><\/figure><\/td><td>\n<h4>Sekret\u00e4r \/ s\u00e9cretaire<\/h4>\n<div>Christian Hunkeler<\/div>\n<div>+41 79 538 31 54<br \/>\nchristian.hunkeler (at) gmx.net<\/div>\n<\/td><\/tr><\/tbody><\/table><\/figure>\n\n\n\n<figure class=\"wp-block-table\"><table class=\"has-fixed-layout\"><tbody><tr><td><figure><img loading=\"lazy\" decoding=\"async\" class=\"wp-image-5599 size-full alignleft\" src=\"http:\/\/www.mg-fribourg.ch\/wp-content\/uploads\/GeraldEgger-e1580222137752.jpg\" alt=\"\" width=\"100\" height=\"145\"\/><\/figure><\/td><td>\n<h4>Kassier \/ Caissier<\/h4>\n<div>\n<div>G\u00e9rald Egger<\/div>\n<div>+41 76 822 03 73<\/div>\n<div><span id=\"account-name_caissier@mg-fribourg.ch\" class=\"account-name collapse-text\">caissier (at) mg-fribourg.ch<\/span><\/div>\n<\/div>\n<\/td><\/tr><\/tbody><\/table><\/figure>\n\n\n\n<figure class=\"wp-block-table\"><table class=\"has-fixed-layout\"><tbody><tr><td><figure><img loading=\"lazy\" decoding=\"async\" class=\"size-full wp-image-122 alignleft\" title=\"2011_tw_Vorstand Comite_Ernst\" src=\"http:\/\/www.mg-fribourg.ch\/wp-content\/uploads\/2011_tw_Vorstand-Comite_Ernst.png\" alt=\"\" width=\"100\" height=\"133\"\/><\/figure><\/td><td>\n<h4>Verantwortlicher \/ Responsable infrastructure<\/h4>\n<div>\n<div>Ernst Berger<\/div>\n<div>+41 79 441 25 62<br \/>\nernst.j.berger (at) bluewin.ch<\/div>\n<\/div>\n<\/td><\/tr><\/tbody><\/table><\/figure>\n","protected":false},"excerpt":{"rendered":"<p>Pr\u00e4sident &#8211; Pr\u00e9sident Thomas Werren +41 79 751 59 00 tomrose (at) bluewin.ch Vizepr\u00e4sident \/ Vice-Pr\u00e9sident Felix Str\u00e4ssler hkbvtjfvp (at) mozmail.com Sekret\u00e4r \/ s\u00e9cretaire Christian Hunkeler +41 79 538 31 54 christian.hunkeler (at) gmx.net Kassier \/ Caissier G\u00e9rald Egger +41 76 822 03 73 caissier (at) mg-fribourg.ch Verantwortlicher \/ Responsable infrastructure Ernst Berger +41 79 [&hellip;]<\/p>\n","protected":false},"author":2,"featured_media":0,"parent":0,"menu_order":3,"comment_status":"closed","ping_status":"closed","template":"","meta":{"footnotes":""},"class_list":["post-16","page","type-page","status-publish","hentry"],"_links":{"self":[{"href":"https:\/\/www.mg-fribourg.ch\/index.php?rest_route=\/wp\/v2\/pages\/16","targetHints":{"allow":["GET"]}}],"collection":[{"href":"https:\/\/www.mg-fribourg.ch\/index.php?rest_route=\/wp\/v2\/pages"}],"about":[{"href":"https:\/\/www.mg-fribourg.ch\/index.php?rest_route=\/wp\/v2\/types\/page"}],"author":[{"embeddable":true,"href":"https:\/\/www.mg-fribourg.ch\/index.php?rest_route=\/wp\/v2\/users\/2"}],"replies":[{"embeddable":true,"href":"https:\/\/www.mg-fribourg.ch\/index.php?rest_route=%2Fwp%2Fv2%2Fcomments&post=16"}],"version-history":[{"count":50,"href":"https:\/\/www.mg-fribourg.ch\/index.php?rest_route=\/wp\/v2\/pages\/16\/revisions"}],"predecessor-version":[{"id":6670,"href":"https:\/\/www.mg-fribourg.ch\/index.php?rest_route=\/wp\/v2\/pages\/16\/revisions\/6670"}],"wp:attachment":[{"href":"https:\/\/www.mg-fribourg.ch\/index.php?rest_route=%2Fwp%2Fv2%2Fmedia&parent=16"}],"curies":[{"name":"wp","href":"https:\/\/api.w.org\/{rel}","templated":true}]}}